{"id":771,"date":"2021-04-12T11:32:16","date_gmt":"2021-04-12T09:32:16","guid":{"rendered":"http:\/\/www.medirol.cz\/privacy-policy\/"},"modified":"2024-03-12T12:18:44","modified_gmt":"2024-03-12T11:18:44","slug":"privacy-policy","status":"publish","type":"page","link":"https:\/\/www.medirol.cz\/cs\/privacy-policy\/","title":{"rendered":"Z\u00e1sady ochrany osobn\u00edch \u00fadaj\u016f"},"content":{"rendered":"<div class=\"fusion-fullwidth fullwidth-box fusion-builder-row-1 fusion-flex-container nonhundred-percent-fullwidth non-hundred-percent-height-scrolling shadow\" style=\"--awb-border-radius-top-left:0px;--awb-border-radius-top-right:0px;--awb-border-radius-bottom-right:0px;--awb-border-radius-bottom-left:0px;--awb-background-color:#ffffff;--awb-flex-wrap:wrap;\" ><div class=\"fusion-builder-row fusion-row fusion-flex-align-items-flex-start fusion-flex-justify-content-center fusion-flex-content-wrap\" style=\"max-width:calc( 1260px + 0px );margin-left: calc(-0px \/ 2 );margin-right: calc(-0px \/ 2 );\"><div class=\"fusion-layout-column fusion_builder_column fusion-builder-column-0 fusion_builder_column_2_3 2_3 fusion-flex-column\" style=\"--awb-padding-top:40px;--awb-padding-right:20px;--awb-padding-bottom:40px;--awb-padding-left:20px;--awb-padding-top-small:40px;--awb-padding-right-small:20px;--awb-padding-bottom-small:40px;--awb-padding-left-small:20px;--awb-bg-size:cover;--awb-width-large:66.6666666667%;--awb-margin-top-large:0px;--awb-spacing-right-large:0px;--awb-margin-bottom-large:0px;--awb-spacing-left-large:0px;--awb-width-medium:66.6666666667%;--awb-order-medium:0;--awb-spacing-right-medium:0px;--awb-spacing-left-medium:0px;--awb-width-small:100%;--awb-order-small:0;--awb-spacing-right-small:0px;--awb-spacing-left-small:0px;\"><div class=\"fusion-column-wrapper fusion-column-has-shadow fusion-flex-justify-content-flex-start fusion-content-layout-column\"><div class=\"fusion-title title fusion-title-1 fusion-sep-none fusion-title-text fusion-title-size-one\" style=\"--awb-text-color:#8289a6;\"><h1 class=\"fusion-title-heading title-heading-left\" style=\"margin:0;\">Z\u00e1sady ochrany osobn\u00edch \u00fadaj\u016f<\/h1><\/div><\/div><\/div><div class=\"fusion-layout-column fusion_builder_column fusion-builder-column-1 fusion_builder_column_2_3 2_3 fusion-flex-column\" style=\"--awb-padding-right:20px;--awb-padding-bottom:30px;--awb-padding-left:20px;--awb-padding-top-small:0px;--awb-padding-right-small:20px;--awb-padding-bottom-small:30px;--awb-padding-left-small:20px;--awb-bg-size:cover;--awb-width-large:66.6666666667%;--awb-margin-top-large:0px;--awb-spacing-right-large:0px;--awb-margin-bottom-large:0px;--awb-spacing-left-large:0px;--awb-width-medium:66.6666666667%;--awb-order-medium:0;--awb-spacing-right-medium:0px;--awb-spacing-left-medium:0px;--awb-width-small:100%;--awb-order-small:0;--awb-spacing-right-small:0px;--awb-spacing-left-small:0px;\"><div class=\"fusion-column-wrapper fusion-column-has-shadow fusion-flex-justify-content-flex-start fusion-content-layout-column\"><div class=\"fusion-text fusion-text-1\"><p>V souvislosti s \u010dinnost\u00ed vyv\u00edjenou na\u0161\u00ed firmou zpracov\u00e1v\u00e1me r\u016fzn\u00e9 druhy osobn\u00edch \u00fadaj\u016f, a to jak \u2028ve vztahu k na\u0161im zam\u011bstnanc\u016fm, tak t\u00e9\u017e k obchodn\u00edm partner\u016fm a dal\u0161\u00edm osob\u00e1m, se kter\u00fdmi vstupujeme \u2028do kontaktu.<\/p>\n<p>I pro na\u0161i firmu je proto z\u00e1vazn\u00e9 Na\u0159\u00edzen\u00ed Evropsk\u00e9ho parlamentu a Rady (EU) \u010d. 2016\/679 ze dne 27.4.2016 \u2028o ochran\u011b fyzick\u00fdch osob v souvislosti se zpracov\u00e1n\u00edm osobn\u00edch \u00fadaj\u016f a o voln\u00e9m pohybu t\u011bchto \u00fadaj\u016f \u2028a o zru\u0161en\u00ed sm\u011brnice 95\/46\/ES (obecn\u00e9 na\u0159\u00edzen\u00ed \u2028o ochran\u011b osobn\u00edch \u00fadaj\u016f), kter\u00e9 je \u00fa\u010dinn\u00e9 od 25.5.2018.<\/p>\n<p>Zabezpe\u010den\u00ed osobn\u00edch \u00fadaj\u016f v\u0161ech dot\u010den\u00fdch osob pat\u0159\u00ed mezi d\u016fle\u017eit\u00e9 povinnosti na\u0161\u00ed firmy. Ubezpe\u010dujeme V\u00e1s, \u017ee jsme u\u010dinili ve\u0161ker\u00e1 opat\u0159en\u00ed k tomu, aby nemohlo doj\u00edt k \u00faniku Va\u0161ich osobn\u00edch dat a jejich zneu\u017eit\u00ed nepovolan\u00fdmi osobami.<\/p>\n<p>Za t\u00edm \u00fa\u010delem jsme p\u0159ijali n\u00e1sleduj\u00edc\u00ed opat\u0159en\u00ed:<\/p>\n<p><strong>Zam\u011bstnanci<\/strong><br \/>V souvislosti se zpracov\u00e1n\u00edm osobn\u00edch \u00fadaj\u016f na\u0161ich zam\u011bstnanc\u016f vedeme jen nezbytn\u00e9 z\u00e1znamy nutn\u00e9 pro v\u00fdkon person\u00e1ln\u00ed a mzdov\u00e9 agendy. Zam\u011bstnanci byli sezn\u00e1meni s t\u00edm, kter\u00e9 informace jsou o nich shroma\u017e\u010fov\u00e1ny a je-li to t\u0159eba, vyjad\u0159uj\u00ed se shroma\u017e\u010fov\u00e1n\u00edm osobn\u00edch \u00fadaj\u016f souhlas.<\/p>\n<p><strong>Obchodn\u00ed partne\u0159i a dal\u0161\u00ed osoby<\/strong><br \/>O konkr\u00e9tn\u00edch osob\u00e1ch obchodn\u00edch partner\u016f shroma\u017e\u010fujeme jen z\u00e1znamy nutn\u00e9 pro p\u0159\u00edslu\u0161nou \u010dinnost jako je nap\u0159. n\u00e1kup, prodej, poradenstv\u00ed atd. Sv\u00e9 obchodn\u00ed partnery a dal\u0161\u00ed osoby t\u00edmto \u017e\u00e1d\u00e1me, aby t\u00e9\u017e oni v\u011bnovali pozornosti pravidl\u016fm GDPR ve vztahu k n\u00e1m a na\u0161im zam\u011bstnanc\u016fm.<\/p>\n<p><strong>Kamerov\u00fd syst\u00e9m<\/strong><br \/>Firma za \u00fa\u010delem ochrany sv\u00fdch opr\u00e1vn\u011bn\u00fdch z\u00e1jm\u016f vyu\u017e\u00edv\u00e1 kamerov\u00e9ho syst\u00e9mu. Objekt je \u0159\u00e1dn\u011b v tomto smyslu ozna\u010den. Z\u00e1znamy jsou uchov\u00e1v\u00e1ny po dobu \u202860 kalend\u00e1\u0159n\u00edch dn\u016f, pot\u00e9 jsou automaticky p\u0159ehr\u00e1v\u00e1ny. Spr\u00e1vcem kamerov\u00e9ho syst\u00e9mu je Ing. David Ryska. Kontaktn\u00ed osobou v t\u00e9to v\u011bci je<\/p>\n<p><strong> Ing. David Ryska<\/strong><br \/>E-mail <a href=\"mailto:david.ryska@medirol.cz\">david.ryska@medirol.cz<\/a><br \/>Telefon <strong>+420 728 533 356<\/strong><\/p>\n<p><strong>Softwarov\u00e9 produkty<\/strong><br \/>Podrobn\u011b posuzujeme a budeme tak \u010dinit i v budoucnu, zda st\u00e1vaj\u00edc\u00ed softwarov\u00e9 produkty eviduj\u00edc\u00ed osobn\u00ed \u00fadaje obsahuj\u00ed dostate\u010dn\u00e9 zabezpe\u010den\u00ed proti zneu\u017eit\u00ed osobn\u00edch \u00fadaj\u016f jejich prost\u0159ednictv\u00edm a po\u017eadujeme od dodavatel\u016f t\u011bchto softwarov\u00fdch produkt\u016f podporu \u2028v r\u00e1mci GDPR<\/p>\n<p>Pokud osobn\u00ed \u00fadaje V\u00e1mi poskytnut\u00e9 nejsou ji\u017e t\u0159eba (nap\u0159. byl ukon\u010den pracovn\u00ed pom\u011br, byla napln\u011bna \u010di jinak ukon\u010dena spolupr\u00e1ce na z\u00e1klad\u011b smlouvy), shroma\u017e\u010fujeme je pouze po nezbytn\u011b nutnou dobu dle p\u0159ijat\u00e9 sm\u011brnice a platn\u00fdch pr\u00e1vn\u00edch p\u0159edpis\u016f \u010cR pro nakl\u00e1d\u00e1n\u00ed s osobn\u00edmi \u00fadaji. Ostatn\u00ed \u00fadaje, kter\u00e9 nepodl\u00e9haj\u00ed archivaci, likvidujeme.<\/p>\n<p>D\u00e1le V\u00e1s informujeme, \u017ee spr\u00e1vcem osobn\u00edch \u00fadaj\u016f je:<br \/>MEDIROL, s.r.o., s\u00eddlo Praha 4, Na Str\u017ei126\/4, PS\u010c 140 00,<br \/>I\u010c 64506592.<\/p>\n<p>Konkr\u00e9tn\u00ed osobou pov\u011b\u0159enou agendou GDPR je:<br \/><strong>Ing. Diana Ryskov\u00e1<\/strong><br \/>E-mail <a href=\"mailto:diana.ryskova@medirol.cz\">diana.ryskova@medirol.cz<\/a><br \/>Telefon&nbsp;<strong>+420 774 884 738<\/strong><\/p>\n<p>na kterou je mo\u017en\u00e9 se obracet s konkr\u00e9tn\u00edmi dotazy stran ochrany Va\u0161ich osobn\u00edch \u00fadaj\u016f.<\/p>\n<p>Firma nem\u00e1 pov\u011b\u0159ence pro ochranu osobn\u00edch \u00fadaj\u016f.<\/p>\n<p>Abychom mohli zajistit \u0159\u00e1dn\u00fd chod na\u0161\u00ed firmy, jako\u017e \u2028i poskytovat \u0159\u00e1dn\u011b a kvalitn\u011b slu\u017eby, ke kter\u00fdm jsme se zav\u00e1zali, maj\u00ed p\u0159\u00edstup k Va\u0161im osobn\u00edm \u00fadaj\u016fm t\u00e9\u017e n\u011bkter\u00e9 t\u0159et\u00ed osoby. Jedn\u00e1 se zejm\u00e9na o advok\u00e1ty, \u00fa\u010detn\u00ed a da\u0148ov\u00e9 poradce, poskytovatele IT slu\u017eeb; s t\u011bmito osobami m\u00e1me za \u00fa\u010delem ochrany Va\u0161ich osobn\u00edch \u00fadaj\u016f uzav\u0159eny \u0159\u00e1dn\u00e9 smlouvy, v nich\u017e je ochran\u011b Va\u0161ich osobn\u00edch \u00fadaj\u016f v\u011bnov\u00e1na n\u00e1le\u017eit\u00e1 pozornost.<\/p>\n<p>M\u00e1te pr\u00e1vo kdykoliv se obr\u00e1tit na na\u0161i firmu a po\u017eadovat informace t\u00fdkaj\u00edc\u00ed se zpracov\u00e1n\u00ed Va\u0161ich osobn\u00edch \u00fadaj\u016f.<\/p>\n<p>D\u00e1le m\u00e1te pr\u00e1vo na v\u00fdmaz, pr\u00e1vo na opravu nep\u0159esn\u00fdch nebo ne\u00fapln\u00fdch osobn\u00edch \u00fadaj\u016f, pr\u00e1vo na omezen\u00ed zpracov\u00e1n\u00ed, uplatn\u011bn\u00ed n\u00e1mitky proti profilov\u00e1n\u00ed \u2028a automatizovan\u00e9mu rozhodov\u00e1n\u00ed a na p\u0159enositelnost \u00fadaj\u016f. Sv\u00e1 pr\u00e1va m\u016f\u017eete uplatnit kdykoliv prost\u0159ednictv\u00edm v\u00fd\u0161e uveden\u00e9 osoby pov\u011b\u0159en\u00e9 agendou GDPR u spr\u00e1vce osobn\u00edch \u00fadaj\u016f, kter\u00fdm je \u2028MEDIROL, s.r.o.<br \/>S p\u0159\u00edpadnou st\u00ed\u017enost\u00ed se m\u016f\u017eete obr\u00e1tit t\u00e9\u017e na \u00da\u0159ad na ochranu osobn\u00edch \u00fadaj\u016f.<\/p>\n<p>Z\u00e1v\u011brem si dovolujeme po\u017e\u00e1dat, abyste v\u00fd\u0161e uveden\u00e9 informace sd\u00edleli t\u00e9\u017e s dal\u0161\u00edmi osobami, kter\u00e9 jste uvedli ve smlouv\u011b nebo v pr\u016fb\u011bhu jej\u00edho trv\u00e1n\u00ed, aby se i oni sezn\u00e1mili s t\u00edm, \u017ee v souvislosti s Va\u0161\u00ed smlouvou jsou na\u0161\u00ed firmou zpracov\u00e1v\u00e1ny osobn\u00ed \u00fadaje t\u00e9\u017e o t\u011bchto dal\u0161\u00edch osob\u00e1ch.<\/p>\n<p>V\u011b\u0159\u00edme, \u017ee spole\u010dn\u00fdmi silami zabezpe\u010d\u00edme osobn\u00ed \u00fadaje tak, jak to na\u0159\u00edzen\u00ed GDPR p\u0159edepisuje. Samoz\u0159ejm\u011b vp\u0159\u00edpad\u011b jak\u00e9koliv zm\u011bny platn\u00fdch pr\u00e1vn\u00edch p\u0159edpis\u016f zohledn\u00edme tyto v souvislosti s ochranou Va\u0161ich osobn\u00edch \u00fadaj\u016f.<\/p>\n<p>V Praze dne 25.5.2018<\/p>\n<p><strong>MEDIROL, s.r.o.<\/strong><br \/>Ing. Diana Ryskov\u00e1, ml.<br \/>V Praze dne 25.5.2018<\/p>\n<\/div><\/div><\/div><\/div><\/div>","protected":false},"excerpt":{"rendered":"","protected":false},"author":1,"featured_media":0,"parent":0,"menu_order":0,"comment_status":"closed","ping_status":"closed","template":"","meta":{"footnotes":""},"class_list":["post-771","page","type-page","status-publish","hentry"],"_links":{"self":[{"href":"https:\/\/www.medirol.cz\/cs\/wp-json\/wp\/v2\/pages\/771","targetHints":{"allow":["GET"]}}],"collection":[{"href":"https:\/\/www.medirol.cz\/cs\/wp-json\/wp\/v2\/pages"}],"about":[{"href":"https:\/\/www.medirol.cz\/cs\/wp-json\/wp\/v2\/types\/page"}],"author":[{"embeddable":true,"href":"https:\/\/www.medirol.cz\/cs\/wp-json\/wp\/v2\/users\/1"}],"replies":[{"embeddable":true,"href":"https:\/\/www.medirol.cz\/cs\/wp-json\/wp\/v2\/comments?post=771"}],"version-history":[{"count":9,"href":"https:\/\/www.medirol.cz\/cs\/wp-json\/wp\/v2\/pages\/771\/revisions"}],"predecessor-version":[{"id":3415,"href":"https:\/\/www.medirol.cz\/cs\/wp-json\/wp\/v2\/pages\/771\/revisions\/3415"}],"wp:attachment":[{"href":"https:\/\/www.medirol.cz\/cs\/wp-json\/wp\/v2\/media?parent=771"}],"curies":[{"name":"wp","href":"https:\/\/api.w.org\/{rel}","templated":true}]}}